{"id":156,"date":"2022-11-22T10:59:27","date_gmt":"2022-11-22T10:59:27","guid":{"rendered":"https:\/\/asv-schlangen.de\/?page_id=156"},"modified":"2022-11-22T18:25:47","modified_gmt":"2022-11-22T18:25:47","slug":"termine","status":"publish","type":"page","link":"https:\/\/asv-schlangen.de\/?page_id=156","title":{"rendered":"Termine"},"content":{"rendered":"\t\t<div data-elementor-type=\"wp-page\" data-elementor-id=\"156\" class=\"elementor elementor-156\" data-elementor-post-type=\"page\">\n\t\t\t\t\t\t<section class=\"elementor-section elementor-top-section elementor-element elementor-element-52782c4 elementor-section-boxed elementor-section-height-default elementor-section-height-default\" data-id=\"52782c4\" data-element_type=\"section\" data-e-type=\"section\">\n\t\t\t\t\t\t<div class=\"elementor-container elementor-column-gap-default\">\n\t\t\t\t\t<div class=\"elementor-column elementor-col-100 elementor-top-column elementor-element elementor-element-81afc2a\" data-id=\"81afc2a\" data-element_type=\"column\" data-e-type=\"column\">\n\t\t\t<div class=\"elementor-widget-wrap elementor-element-populated\">\n\t\t\t\t\t\t<div class=\"elementor-element elementor-element-a9a0bcf elementor-widget elementor-widget-heading\" data-id=\"a9a0bcf\" data-element_type=\"widget\" data-e-type=\"widget\" data-widget_type=\"heading.default\">\n\t\t\t\t<div class=\"elementor-widget-container\">\n\t\t\t\t\t<h2 class=\"elementor-heading-title elementor-size-default\">Alle bevorstehenden Termine<\/h2>\t\t\t\t<\/div>\n\t\t\t\t<\/div>\n\t\t\t\t<div class=\"elementor-element elementor-element-0ac7a24 elementor-widget elementor-widget-shortcode\" data-id=\"0ac7a24\" data-element_type=\"widget\" data-e-type=\"widget\" data-widget_type=\"shortcode.default\">\n\t\t\t\t<div class=\"elementor-widget-container\">\n\t\t\t\t\t\t\t<div class=\"elementor-shortcode\"><!-- EventON Calendar --><div id='evcal_calendar_656' class='list_cal ajde_evcal_calendar sev cev color esty_2 ul etttc_custom ' ><div id='evcal_head' class='calendar_header ' ><div class='evo_cal_above'><span class='evo-gototoday-btn evo_hide' style='display:none;' data-mo='9' data-yr='2026' data-dy=''>Current Month<\/span><\/div><div class='evo_cal_above_content'><\/div><\/div><div id='eventon_loadbar_section'><div id='eventon_loadbar'><\/div><\/div><!-- Events List --><div id='evcal_list' \n\t\t\t\t\tclass='eventon_events_list sep_months evcal_list_month'><div class='evcal_month_line' data-d='eml_9_2026'><p>September 2026<\/p><\/div><div class='sep_month_events ' data-d='eml_9_2026'><div id=\"event_461_0\" class=\"eventon_list_event evo_eventtop scheduled  event event_461_0\" data-event_id=\"461\" data-ri=\"0r\" data-time=\"1788040800-1795388340\" data-colr=\"#195563\" itemscope itemtype='http:\/\/schema.org\/Event'><div class=\"evo_event_schema\" style=\"display:none\" ><a itemprop='url'  href='https:\/\/asv-schlangen.de\/?ajde_events=raubfisch-monat'><\/a><meta itemprop='image'  \/><meta itemprop='startDate' content=\"2026-8-30\" \/><meta itemprop='endDate' content=\"2026-11-22\" \/><meta itemprop='eventStatus' content=\"https:\/\/schema.org\/EventScheduled\" \/><item style=\"display:none\" itemprop=\"eventAttendanceMode\" itemscope itemtype=\"https:\/\/schema.org\/OfflineEventAttendanceMode\"><\/item><script type=\"application\/ld+json\">{\"@context\": \"http:\/\/schema.org\",\"@type\": \"Event\",\n\t\t\t\t\"@id\": \"event_461_0\",\n\t\t\t\t\"eventAttendanceMode\":\"https:\/\/schema.org\/OfflineEventAttendanceMode\",\n\t\t\t\t\"name\": \"Raubfischwochen\",\n\t\t\t\t\"url\": \"https:\/\/asv-schlangen.de\/?ajde_events=raubfisch-monat\",\n\t\t\t\t\"startDate\": \"2026-8-30\",\n\t\t\t\t\"endDate\": \"2026-11-22\",\n\t\t\t\t\"image\":\"\", \n\t\t\t\t\"description\":\" <p class=\"wp-block-paragraph\">Innerhalb der letzten Jahre wurde die Erweiterung des traditionellen Raubfischangelns in unserem Verein positiv angenommen.<\/p>    <p class=\"wp-block-paragraph\">Auch 2026 m\u00f6chten wir wieder mit euch zusammen den Raubfischen gezielt nachstellen.<\/p>    <p class=\"wp-block-paragraph\">N\u00e4here Informationen erhaltet ihr, wie immer, zeitnah!<\/p>    <p class=\"wp-block-paragraph\"><\/p> \",\"eventStatus\":\"https:\/\/schema.org\/EventScheduled\"}<\/script><\/div>\n\t\t\t\t<p class=\"desc_trig_outter\" style=\"\"><a data-gmap_status=\"null\" data-gmtrig=\"1\" data-exlk=\"0\" style=\"background-color: #195563;\" id=\"evc_1788040800461\" class=\"desc_trig mul_val evcal_list_a allday\" data-ux_val=\"1\" data-ux_val_mob=\"-\"  ><span class='evoet_c2 evoet_cx '><span class='evoet_dayblock evcal_cblock ' data-bgcolor='#195563' data-smon='August' data-syr='2026'><span class='evo_start '><em class='year'>2026<\/em><em class='date'>30<\/em><em class='month'>Aug.<\/em><em class='time'>Ganzt\u00e4gig<\/em><\/span><span class='evo_end '><em class='date'>22<\/em><em class='month'>Nov.<\/em><\/span><\/span><\/span><span class='evoet_c3 evoet_cx evcal_desc evo_info ' ><span class='evoet_tags evo_above_title'><span class='evo_live_now' title='Live Now'><svg version=\"1.1\" x=\"0px\" y=\"0px\" viewBox=\"0 0 73 53\" enable-background=\"new 0 0 100 100\" xmlns=\"http:\/\/www.w3.org\/2000\/svg\"><g transform=\"matrix(1, 0, 0, 1, -13.792313, -23.832699)\"><g><path  d=\"M75.505,25.432c-0.56-0.578-1.327-0.906-2.132-0.913c-0.008,0-0.015,0-0.022,0    c-0.796,0-1.56,0.316-2.123,0.88l-0.302,0.302c-1.156,1.158-1.171,3.029-0.033,4.206c5.274,5.451,8.18,12.63,8.18,20.214    c0,7.585-2.905,14.764-8.18,20.214c-1.141,1.178-1.124,3.054,0.037,4.211l0.303,0.302c0.562,0.561,1.324,0.875,2.118,0.875    c0.009,0,0.018,0,0.026,0c0.803-0.007,1.569-0.336,2.128-0.912C81.95,68.158,85.5,59.39,85.5,50.121    C85.5,40.853,81.95,32.085,75.505,25.432z\"\/><path d=\"M20.928,50.121c0-7.583,2.905-14.762,8.18-20.214c1.14-1.177,1.124-3.051-0.036-4.209l-0.303-0.302    c-0.563-0.562-1.325-0.877-2.12-0.877c-0.008,0-0.017,0-0.025,0c-0.804,0.007-1.571,0.335-2.13,0.913    C18.049,32.085,14.5,40.853,14.5,50.121c0,9.269,3.549,18.037,9.995,24.689c0.56,0.578,1.327,0.906,2.131,0.913    c0.008,0,0.016,0,0.024,0c0.795,0,1.559-0.315,2.121-0.879l0.303-0.303c1.158-1.158,1.174-3.03,0.035-4.207    C23.833,64.884,20.928,57.705,20.928,50.121z\"\/><path  d=\"M65.611,36.945c-0.561-0.579-1.33-0.907-2.136-0.913c-0.006,0-0.013,0-0.019,0    c-0.799,0-1.565,0.319-2.128,0.886l-0.147,0.148c-1.151,1.159-1.164,3.026-0.028,4.201c2.311,2.387,3.583,5.532,3.583,8.854    c0,3.323-1.272,6.468-3.582,8.854c-1.137,1.175-1.125,3.042,0.027,4.201l0.147,0.148c0.562,0.567,1.329,0.886,2.128,0.886    c0.006,0,0.013,0,0.019,0c0.806-0.005,1.575-0.334,2.136-0.912c3.44-3.551,5.335-8.23,5.335-13.177    C70.946,45.175,69.052,40.496,65.611,36.945z\"\/><path d=\"M38.812,37.06l-0.148-0.148c-0.562-0.563-1.326-0.879-2.121-0.879c-0.008,0-0.016,0-0.024,0    c-0.804,0.006-1.571,0.335-2.131,0.913c-3.439,3.55-5.333,8.229-5.333,13.176c0,4.947,1.894,9.627,5.334,13.177    c0.559,0.577,1.327,0.905,2.131,0.912c0.008,0,0.016,0,0.023,0c0.795,0,1.559-0.315,2.121-0.879l0.148-0.148    c1.158-1.158,1.173-3.03,0.035-4.208c-2.31-2.387-3.583-5.53-3.583-8.854c0-3.322,1.272-6.467,3.583-8.854    C39.986,40.09,39.971,38.217,38.812,37.06z\"\/><\/g><circle cx=\"50\" cy=\"50.009\" r=\"6.5\"\/> <\/g><\/svg><\/span><\/span><span class='evoet_title evcal_desc2 evcal_event_title' itemprop='name'>Raubfischwochen<\/span><span class='evoet_subtitle evo_below_title'><\/span><span class='evoet_time_expand level_3 evcal_desc_info evogap10'><\/span><span class='evcal_desc3'><span class='evo_event_progress evo_event_progress' ><span class='evo_epbar_o'><span class='evo_ep_bar'><b style='width:6%'><\/b><\/span><\/span><span class='evo_ep_time evo_countdowner' data-endutc='1795388340' data-gap='6836187' data-dur='7347540' data-exp_act='' data-n='' data-ds='Tage' data-d='Tag' data-t='Time Left'><\/span><\/span><\/span><\/span><em class='evoet_data' style='display:none' data-bgc='#195563'data-bggrad=''><\/em><\/a><\/p><div class='event_description evcal_eventcard ' style=\"display:none\"><div class='evocard_row'><div class='evocard_box eventdetails' data-c='' \n\t\t\t\t\tstyle=''><div class=\"evo_metarow_details evorow evcal_evdata_row evcal_event_details\">\n    <div class=\"event_excerpt\" style=\"display:none\"><h3 class=\"padb5 evo_h3\">Details<\/h3><p>Innerhalb der letzten Jahre wurde die Erweiterung des traditionellen Raubfischangelns in unserem Verein positiv angenommen.\n\n\n\nAuch 2026 m\u00f6chten wir wieder mit euch zusammen den Raubfischen<\/p><\/div><span class='evcal_evdata_icons'><i class='fa fa-align-justify'><\/i><\/span>    <div class=\"evcal_evdata_cell \">\n        <div class=\"eventon_full_description\">\n            <h3 class=\"padb5 evo_h3\"><span class='evcal_evdata_icons'><i class='fa fa-align-justify'><\/i><\/span>Details<\/h3>\n            <div class=\"eventon_desc_in\" itemprop=\"description\">\n                <p><\/p>\n<p class=\"wp-block-paragraph\">Innerhalb der letzten Jahre wurde die Erweiterung des traditionellen Raubfischangelns in unserem Verein positiv angenommen.<\/p>\n<p><\/p>\n<p><\/p>\n<p class=\"wp-block-paragraph\">Auch 2026 m\u00f6chten wir wieder mit euch zusammen den Raubfischen gezielt nachstellen.<\/p>\n<p><\/p>\n<p><\/p>\n<p class=\"wp-block-paragraph\">N\u00e4here Informationen erhaltet ihr, wie immer, zeitnah!<\/p>\n<p><\/p>\n<p><\/p>\n<p class=\"wp-block-paragraph\"><\/p>\n            <\/div>\n            <div class='clear'><\/div>        <\/div>\n    <\/div>\n<\/div><\/div><\/div><div class='evocard_row bx2 bx'><div class='evocard_box time' data-c='' \n\t\t\t\t\tstyle=''><div class='evo_metarow_time evorow evcal_evdata_row evcal_evrow_sm '>\n\t\t<span class='evcal_evdata_icons'><i class='fa fa-clock'><\/i><\/span>\n\t\t<div class='evcal_evdata_cell'>\t\t\t\t\t\t\t\n\t\t\t<h3 class='evo_h3'><span class='evcal_evdata_icons'><i class='fa fa-clock'><\/i><\/span>Uhrzeit<\/h3><p><span class='evo_eventcard_time_t'>30. August 2026 - 22. November 2026 (Ganzt\u00e4gig)<\/span><span class='evo_tz'>(GMT+02:00)<\/span><\/p>\n\t\t<\/div>\n\t<\/div><\/div><div class='evocard_box location' data-c='' \n\t\t\t\t\tstyle=''><div class='evcal_evdata_row evo_metarow_time_location evorow '>\n\t\t\n\t\t\t<span class='evcal_evdata_icons'><i class='fa fa-map-marker'><\/i><\/span>\n\t\t\t<div class='evcal_evdata_cell' data-loc_tax_id='21'><h3 class='evo_h3'><span class='evcal_evdata_icons'><i class='fa fa-map-marker'><\/i><\/span>Ort<\/h3><p class='evo_location_name' style='margin-bottom:10px; font-size:15px;'>Vereinsgew\u00e4sser<\/p><\/div>\n\t\t\n\t<\/div><\/div><\/div><div class='evocard_row'><div class='evocard_box addtocal' data-c='' \n\t\t\t\t\tstyle=''><div class='evo_metarow_ICS evorow evcal_evdata_row'>\n\t\t\t<span class='evcal_evdata_icons'><i class='fa fa-calendar-o'><\/i><\/span>\n\t\t\t<div class='evcal_evdata_cell'>\n\t\t\t\t<p><a href='https:\/\/asv-schlangen.de\/?export-events=single&event_id=461&repeat_interval=0&nonce=0b3a77c576' class='evo_ics_nCal' title='Add to your calendar'>Kalender<\/a><a href='\/\/www.google.com\/calendar\/event?action=TEMPLATE&amp;text=Raubfischwochen&amp;dates=20260829\/20261123&amp;ctz=Europe\/Berlin&amp;details=Raubfischwochen&amp;location=Vereinsgew%C3%A4sser' target='_blank' rel='noopener noreferrer' class='evo_ics_gCal' title='Add to google calendar'>Googlecal<\/a><\/p>\t\n\t\t\t<\/div>\n\t\t<\/div><\/div><\/div><div class='evo_card_row_end evcal_close' title='Close'><\/div><\/div><div class='clear end'><\/div><\/div><div id=\"event_792_0\" class=\"eventon_list_event evo_eventtop scheduled  event event_792_0\" data-event_id=\"792\" data-ri=\"0r\" data-time=\"1790287200-1790459940\" data-colr=\"#4bb5d8\" itemscope itemtype='http:\/\/schema.org\/Event'><div class=\"evo_event_schema\" style=\"display:none\" ><a itemprop='url'  href='https:\/\/asv-schlangen.de\/?ajde_events=weihnachtsmarkt-2023'><\/a><meta itemprop='image'  \/><meta itemprop='startDate' content=\"2026-9-25\" \/><meta itemprop='endDate' content=\"2026-9-26\" \/><meta itemprop='eventStatus' content=\"https:\/\/schema.org\/EventScheduled\" \/><item style=\"display:none\" itemprop=\"eventAttendanceMode\" itemscope itemtype=\"https:\/\/schema.org\/OfflineEventAttendanceMode\"><\/item><script type=\"application\/ld+json\">{\"@context\": \"http:\/\/schema.org\",\"@type\": \"Event\",\n\t\t\t\t\"@id\": \"event_792_0\",\n\t\t\t\t\"eventAttendanceMode\":\"https:\/\/schema.org\/OfflineEventAttendanceMode\",\n\t\t\t\t\"name\": \"Jugend - Nachtangeln\",\n\t\t\t\t\"url\": \"https:\/\/asv-schlangen.de\/?ajde_events=weihnachtsmarkt-2023\",\n\t\t\t\t\"startDate\": \"2026-9-25\",\n\t\t\t\t\"endDate\": \"2026-9-26\",\n\t\t\t\t\"image\":\"\", \n\t\t\t\t\"description\":\" <p class=\"wp-block-paragraph\">An diesen Tagen veranstalten unsere Jugendlichen ein Nachtangeln an dessen Vereinsgew\u00e4ssern.<\/p>    <p class=\"wp-block-paragraph\">Hier wird gezielt den nachtaktiven R\u00e4ubern wie Aal und Zander nachgestellt.<\/p>    <p class=\"wp-block-paragraph\">N\u00e4here Informationen erhalten alle Jugendmitglieder von ihren Jugendwarten.<\/p> \",\"eventStatus\":\"https:\/\/schema.org\/EventScheduled\"}<\/script><\/div>\n\t\t\t\t<p class=\"desc_trig_outter\" style=\"\"><a data-gmap_status=\"null\" data-gmtrig=\"1\" data-exlk=\"0\" style=\"background-color: #4bb5d8;\" id=\"evc_1790287200792\" class=\"desc_trig mul_val evcal_list_a allday\" data-ux_val=\"1\" data-ux_val_mob=\"-\"  ><span class='evoet_c2 evoet_cx '><span class='evoet_dayblock evcal_cblock ' data-bgcolor='#4bb5d8' data-smon='September' data-syr='2026'><span class='evo_start '><em class='year'>2026<\/em><em class='date'>25<\/em><em class='month'>Sep.<\/em><em class='time'>Ganzt\u00e4gig<\/em><\/span><span class='evo_end '><em class='date'>26<\/em><\/span><\/span><\/span><span class='evoet_c3 evoet_cx evcal_desc evo_info ' ><span class='evoet_tags evo_above_title'><\/span><span class='evoet_title evcal_desc2 evcal_event_title' itemprop='name'>Jugend - Nachtangeln<\/span><span class='evoet_subtitle evo_below_title'><\/span><span class='evoet_time_expand level_3 evcal_desc_info evogap10'><\/span><span class='evcal_desc3'><\/span><\/span><em class='evoet_data' style='display:none' data-bgc='#4bb5d8'data-bggrad=''><\/em><\/a><\/p><div class='event_description evcal_eventcard ' style=\"display:none\"><div class='evocard_row'><div class='evocard_box eventdetails' data-c='' \n\t\t\t\t\tstyle=''><div class=\"evo_metarow_details evorow evcal_evdata_row evcal_event_details\">\n    <div class=\"event_excerpt\" style=\"display:none\"><h3 class=\"padb5 evo_h3\">Details<\/h3><p>An diesen Tagen veranstalten unsere Jugendlichen ein Nachtangeln an dessen Vereinsgew\u00e4ssern.\n\n\n\nHier wird gezielt den nachtaktiven R\u00e4ubern wie Aal und Zander nachgestellt.<\/p><\/div><span class='evcal_evdata_icons'><i class='fa fa-align-justify'><\/i><\/span>    <div class=\"evcal_evdata_cell \">\n        <div class=\"eventon_full_description\">\n            <h3 class=\"padb5 evo_h3\"><span class='evcal_evdata_icons'><i class='fa fa-align-justify'><\/i><\/span>Details<\/h3>\n            <div class=\"eventon_desc_in\" itemprop=\"description\">\n                <p><\/p>\n<p class=\"wp-block-paragraph\">An diesen Tagen veranstalten unsere Jugendlichen ein Nachtangeln an dessen Vereinsgew\u00e4ssern.<\/p>\n<p><\/p>\n<p><\/p>\n<p class=\"wp-block-paragraph\">Hier wird gezielt den nachtaktiven R\u00e4ubern wie Aal und Zander nachgestellt.<\/p>\n<p><\/p>\n<p><\/p>\n<p class=\"wp-block-paragraph\">N\u00e4here Informationen erhalten alle Jugendmitglieder von ihren Jugendwarten.<\/p>\n<p><\/p>\n            <\/div>\n            <div class='clear'><\/div>        <\/div>\n    <\/div>\n<\/div><\/div><\/div><div class='evocard_row bx2 bx'><div class='evocard_box time' data-c='' \n\t\t\t\t\tstyle=''><div class='evo_metarow_time evorow evcal_evdata_row evcal_evrow_sm '>\n\t\t<span class='evcal_evdata_icons'><i class='fa fa-clock'><\/i><\/span>\n\t\t<div class='evcal_evdata_cell'>\t\t\t\t\t\t\t\n\t\t\t<h3 class='evo_h3'><span class='evcal_evdata_icons'><i class='fa fa-clock'><\/i><\/span>Uhrzeit<\/h3><p><span class='evo_eventcard_time_t'>25. September 2026 - 26. September 2026 (Ganzt\u00e4gig)<\/span><span class='evo_tz'>(GMT+02:00)<\/span><\/p>\n\t\t<\/div>\n\t<\/div><\/div><div class='evocard_box location' data-c='' \n\t\t\t\t\tstyle=''><div class='evcal_evdata_row evo_metarow_time_location evorow '>\n\t\t\n\t\t\t<span class='evcal_evdata_icons'><i class='fa fa-map-marker'><\/i><\/span>\n\t\t\t<div class='evcal_evdata_cell' data-loc_tax_id='22'><h3 class='evo_h3'><span class='evcal_evdata_icons'><i class='fa fa-map-marker'><\/i><\/span>Ort<\/h3><p class='evo_location_name' style='margin-bottom:10px; font-size:15px;'>Ortsmitte Schlangen<\/p><\/div>\n\t\t\n\t<\/div><\/div><\/div><div class='evocard_row'><div class='evocard_box addtocal' data-c='' \n\t\t\t\t\tstyle=''><div class='evo_metarow_ICS evorow evcal_evdata_row'>\n\t\t\t<span class='evcal_evdata_icons'><i class='fa fa-calendar-o'><\/i><\/span>\n\t\t\t<div class='evcal_evdata_cell'>\n\t\t\t\t<p><a href='https:\/\/asv-schlangen.de\/?export-events=single&event_id=792&repeat_interval=0&nonce=0b3a77c576' class='evo_ics_nCal' title='Add to your calendar'>Kalender<\/a><a href='\/\/www.google.com\/calendar\/event?action=TEMPLATE&amp;text=Jugend+-+Nachtangeln&amp;dates=20260924\/20260927&amp;ctz=Europe\/Berlin&amp;details=Jugend+-+Nachtangeln&amp;location=Ortsmitte+Schlangen' target='_blank' rel='noopener noreferrer' class='evo_ics_gCal' title='Add to google calendar'>Googlecal<\/a><\/p>\t\n\t\t\t<\/div>\n\t\t<\/div><\/div><\/div><div class='evo_card_row_end evcal_close' title='Close'><\/div><\/div><div class='clear end'><\/div><\/div><\/div><div class='evcal_month_line' data-d='eml_10_2026'><p>Oktober 2026<\/p><\/div><div class='sep_month_events ' data-d='eml_10_2026'><div id=\"event_461_0\" class=\"eventon_list_event evo_eventtop scheduled  event event_461_0\" data-event_id=\"461\" data-ri=\"0r\" data-time=\"1788040800-1795388340\" data-colr=\"#195563\" itemscope itemtype='http:\/\/schema.org\/Event'><div class=\"evo_event_schema\" style=\"display:none\" ><a itemprop='url'  href='https:\/\/asv-schlangen.de\/?ajde_events=raubfisch-monat'><\/a><meta itemprop='image'  \/><meta itemprop='startDate' content=\"2026-8-30\" \/><meta itemprop='endDate' content=\"2026-11-22\" \/><meta itemprop='eventStatus' content=\"https:\/\/schema.org\/EventScheduled\" \/><item style=\"display:none\" itemprop=\"eventAttendanceMode\" itemscope itemtype=\"https:\/\/schema.org\/OfflineEventAttendanceMode\"><\/item><script type=\"application\/ld+json\">{\"@context\": \"http:\/\/schema.org\",\"@type\": \"Event\",\n\t\t\t\t\"@id\": \"event_461_0\",\n\t\t\t\t\"eventAttendanceMode\":\"https:\/\/schema.org\/OfflineEventAttendanceMode\",\n\t\t\t\t\"name\": \"Raubfischwochen\",\n\t\t\t\t\"url\": \"https:\/\/asv-schlangen.de\/?ajde_events=raubfisch-monat\",\n\t\t\t\t\"startDate\": \"2026-8-30\",\n\t\t\t\t\"endDate\": \"2026-11-22\",\n\t\t\t\t\"image\":\"\", \n\t\t\t\t\"description\":\" <p class=\"wp-block-paragraph\">Innerhalb der letzten Jahre wurde die Erweiterung des traditionellen Raubfischangelns in unserem Verein positiv angenommen.<\/p>    <p class=\"wp-block-paragraph\">Auch 2026 m\u00f6chten wir wieder mit euch zusammen den Raubfischen gezielt nachstellen.<\/p>    <p class=\"wp-block-paragraph\">N\u00e4here Informationen erhaltet ihr, wie immer, zeitnah!<\/p>    <p class=\"wp-block-paragraph\"><\/p> \",\"eventStatus\":\"https:\/\/schema.org\/EventScheduled\"}<\/script><\/div>\n\t\t\t\t<p class=\"desc_trig_outter\" style=\"\"><a data-gmap_status=\"null\" data-gmtrig=\"1\" data-exlk=\"0\" style=\"background-color: #195563;\" id=\"evc_1788040800461\" class=\"desc_trig mul_val evcal_list_a allday\" data-ux_val=\"1\" data-ux_val_mob=\"-\"  ><span class='evoet_c2 evoet_cx '><span class='evoet_dayblock evcal_cblock ' data-bgcolor='#195563' data-smon='August' data-syr='2026'><span class='evo_start '><em class='year'>2026<\/em><em class='date'>30<\/em><em class='month'>Aug.<\/em><em class='time'>Ganzt\u00e4gig<\/em><\/span><span class='evo_end '><em class='date'>22<\/em><em class='month'>Nov.<\/em><\/span><\/span><\/span><span class='evoet_c3 evoet_cx evcal_desc evo_info ' ><span class='evoet_tags evo_above_title'><span class='evo_live_now' title='Live Now'><svg version=\"1.1\" x=\"0px\" y=\"0px\" viewBox=\"0 0 73 53\" enable-background=\"new 0 0 100 100\" xmlns=\"http:\/\/www.w3.org\/2000\/svg\"><g transform=\"matrix(1, 0, 0, 1, -13.792313, -23.832699)\"><g><path  d=\"M75.505,25.432c-0.56-0.578-1.327-0.906-2.132-0.913c-0.008,0-0.015,0-0.022,0    c-0.796,0-1.56,0.316-2.123,0.88l-0.302,0.302c-1.156,1.158-1.171,3.029-0.033,4.206c5.274,5.451,8.18,12.63,8.18,20.214    c0,7.585-2.905,14.764-8.18,20.214c-1.141,1.178-1.124,3.054,0.037,4.211l0.303,0.302c0.562,0.561,1.324,0.875,2.118,0.875    c0.009,0,0.018,0,0.026,0c0.803-0.007,1.569-0.336,2.128-0.912C81.95,68.158,85.5,59.39,85.5,50.121    C85.5,40.853,81.95,32.085,75.505,25.432z\"\/><path d=\"M20.928,50.121c0-7.583,2.905-14.762,8.18-20.214c1.14-1.177,1.124-3.051-0.036-4.209l-0.303-0.302    c-0.563-0.562-1.325-0.877-2.12-0.877c-0.008,0-0.017,0-0.025,0c-0.804,0.007-1.571,0.335-2.13,0.913    C18.049,32.085,14.5,40.853,14.5,50.121c0,9.269,3.549,18.037,9.995,24.689c0.56,0.578,1.327,0.906,2.131,0.913    c0.008,0,0.016,0,0.024,0c0.795,0,1.559-0.315,2.121-0.879l0.303-0.303c1.158-1.158,1.174-3.03,0.035-4.207    C23.833,64.884,20.928,57.705,20.928,50.121z\"\/><path  d=\"M65.611,36.945c-0.561-0.579-1.33-0.907-2.136-0.913c-0.006,0-0.013,0-0.019,0    c-0.799,0-1.565,0.319-2.128,0.886l-0.147,0.148c-1.151,1.159-1.164,3.026-0.028,4.201c2.311,2.387,3.583,5.532,3.583,8.854    c0,3.323-1.272,6.468-3.582,8.854c-1.137,1.175-1.125,3.042,0.027,4.201l0.147,0.148c0.562,0.567,1.329,0.886,2.128,0.886    c0.006,0,0.013,0,0.019,0c0.806-0.005,1.575-0.334,2.136-0.912c3.44-3.551,5.335-8.23,5.335-13.177    C70.946,45.175,69.052,40.496,65.611,36.945z\"\/><path d=\"M38.812,37.06l-0.148-0.148c-0.562-0.563-1.326-0.879-2.121-0.879c-0.008,0-0.016,0-0.024,0    c-0.804,0.006-1.571,0.335-2.131,0.913c-3.439,3.55-5.333,8.229-5.333,13.176c0,4.947,1.894,9.627,5.334,13.177    c0.559,0.577,1.327,0.905,2.131,0.912c0.008,0,0.016,0,0.023,0c0.795,0,1.559-0.315,2.121-0.879l0.148-0.148    c1.158-1.158,1.173-3.03,0.035-4.208c-2.31-2.387-3.583-5.53-3.583-8.854c0-3.322,1.272-6.467,3.583-8.854    C39.986,40.09,39.971,38.217,38.812,37.06z\"\/><\/g><circle cx=\"50\" cy=\"50.009\" r=\"6.5\"\/> <\/g><\/svg><\/span><\/span><span class='evoet_title evcal_desc2 evcal_event_title' itemprop='name'>Raubfischwochen<\/span><span class='evoet_subtitle evo_below_title'><\/span><span class='evoet_time_expand level_3 evcal_desc_info evogap10'><\/span><span class='evcal_desc3'><span class='evo_event_progress evo_event_progress' ><span class='evo_epbar_o'><span class='evo_ep_bar'><b style='width:6%'><\/b><\/span><\/span><span class='evo_ep_time evo_countdowner' data-endutc='1795388340' data-gap='6836187' data-dur='7347540' data-exp_act='' data-n='' data-ds='Tage' data-d='Tag' data-t='Time Left'><\/span><\/span><\/span><\/span><em class='evoet_data' style='display:none' data-bgc='#195563'data-bggrad=''><\/em><\/a><\/p><div class='event_description evcal_eventcard ' style=\"display:none\"><div class='evocard_row'><div class='evocard_box eventdetails' data-c='' \n\t\t\t\t\tstyle=''><div class=\"evo_metarow_details evorow evcal_evdata_row evcal_event_details\">\n    <div class=\"event_excerpt\" style=\"display:none\"><h3 class=\"padb5 evo_h3\">Details<\/h3><p>Innerhalb der letzten Jahre wurde die Erweiterung des traditionellen Raubfischangelns in unserem Verein positiv angenommen.\n\n\n\nAuch 2026 m\u00f6chten wir wieder mit euch zusammen den Raubfischen<\/p><\/div><span class='evcal_evdata_icons'><i class='fa fa-align-justify'><\/i><\/span>    <div class=\"evcal_evdata_cell \">\n        <div class=\"eventon_full_description\">\n            <h3 class=\"padb5 evo_h3\"><span class='evcal_evdata_icons'><i class='fa fa-align-justify'><\/i><\/span>Details<\/h3>\n            <div class=\"eventon_desc_in\" itemprop=\"description\">\n                <p><\/p>\n<p class=\"wp-block-paragraph\">Innerhalb der letzten Jahre wurde die Erweiterung des traditionellen Raubfischangelns in unserem Verein positiv angenommen.<\/p>\n<p><\/p>\n<p><\/p>\n<p class=\"wp-block-paragraph\">Auch 2026 m\u00f6chten wir wieder mit euch zusammen den Raubfischen gezielt nachstellen.<\/p>\n<p><\/p>\n<p><\/p>\n<p class=\"wp-block-paragraph\">N\u00e4here Informationen erhaltet ihr, wie immer, zeitnah!<\/p>\n<p><\/p>\n<p><\/p>\n<p class=\"wp-block-paragraph\"><\/p>\n            <\/div>\n            <div class='clear'><\/div>        <\/div>\n    <\/div>\n<\/div><\/div><\/div><div class='evocard_row bx2 bx'><div class='evocard_box time' data-c='' \n\t\t\t\t\tstyle=''><div class='evo_metarow_time evorow evcal_evdata_row evcal_evrow_sm '>\n\t\t<span class='evcal_evdata_icons'><i class='fa fa-clock'><\/i><\/span>\n\t\t<div class='evcal_evdata_cell'>\t\t\t\t\t\t\t\n\t\t\t<h3 class='evo_h3'><span class='evcal_evdata_icons'><i class='fa fa-clock'><\/i><\/span>Uhrzeit<\/h3><p><span class='evo_eventcard_time_t'>30. August 2026 - 22. November 2026 (Ganzt\u00e4gig)<\/span><span class='evo_tz'>(GMT+02:00)<\/span><\/p>\n\t\t<\/div>\n\t<\/div><\/div><div class='evocard_box location' data-c='' \n\t\t\t\t\tstyle=''><div class='evcal_evdata_row evo_metarow_time_location evorow '>\n\t\t\n\t\t\t<span class='evcal_evdata_icons'><i class='fa fa-map-marker'><\/i><\/span>\n\t\t\t<div class='evcal_evdata_cell' data-loc_tax_id='21'><h3 class='evo_h3'><span class='evcal_evdata_icons'><i class='fa fa-map-marker'><\/i><\/span>Ort<\/h3><p class='evo_location_name' style='margin-bottom:10px; font-size:15px;'>Vereinsgew\u00e4sser<\/p><\/div>\n\t\t\n\t<\/div><\/div><\/div><div class='evocard_row'><div class='evocard_box addtocal' data-c='' \n\t\t\t\t\tstyle=''><div class='evo_metarow_ICS evorow evcal_evdata_row'>\n\t\t\t<span class='evcal_evdata_icons'><i class='fa fa-calendar-o'><\/i><\/span>\n\t\t\t<div class='evcal_evdata_cell'>\n\t\t\t\t<p><a href='https:\/\/asv-schlangen.de\/?export-events=single&event_id=461&repeat_interval=0&nonce=0b3a77c576' class='evo_ics_nCal' title='Add to your calendar'>Kalender<\/a><a href='\/\/www.google.com\/calendar\/event?action=TEMPLATE&amp;text=Raubfischwochen&amp;dates=20260829\/20261123&amp;ctz=Europe\/Berlin&amp;details=Raubfischwochen&amp;location=Vereinsgew%C3%A4sser' target='_blank' rel='noopener noreferrer' class='evo_ics_gCal' title='Add to google calendar'>Googlecal<\/a><\/p>\t\n\t\t\t<\/div>\n\t\t<\/div><\/div><\/div><div class='evo_card_row_end evcal_close' title='Close'><\/div><\/div><div class='clear end'><\/div><\/div><div id=\"event_700_0\" class=\"eventon_list_event evo_eventtop scheduled  event event_700_0\" data-event_id=\"700\" data-ri=\"0r\" data-time=\"1791669600-1791755940\" data-colr=\"#4bb5d8\" itemscope itemtype='http:\/\/schema.org\/Event'><div class=\"evo_event_schema\" style=\"display:none\" ><a itemprop='url'  href='https:\/\/asv-schlangen.de\/?ajde_events=teichfest-familie-und-freunde-abgesagt'><\/a><meta itemprop='image'  \/><meta itemprop='startDate' content=\"2026-10-11\" \/><meta itemprop='endDate' content=\"2026-10-11\" \/><meta itemprop='eventStatus' content=\"https:\/\/schema.org\/EventScheduled\" \/><item style=\"display:none\" itemprop=\"eventAttendanceMode\" itemscope itemtype=\"https:\/\/schema.org\/OfflineEventAttendanceMode\"><\/item><script type=\"application\/ld+json\">{\"@context\": \"http:\/\/schema.org\",\"@type\": \"Event\",\n\t\t\t\t\"@id\": \"event_700_0\",\n\t\t\t\t\"eventAttendanceMode\":\"https:\/\/schema.org\/OfflineEventAttendanceMode\",\n\t\t\t\t\"name\": \"Abangeln - Jugend\",\n\t\t\t\t\"url\": \"https:\/\/asv-schlangen.de\/?ajde_events=teichfest-familie-und-freunde-abgesagt\",\n\t\t\t\t\"startDate\": \"2026-10-11\",\n\t\t\t\t\"endDate\": \"2026-10-11\",\n\t\t\t\t\"image\":\"\", \n\t\t\t\t\"description\":\" <p class=\"wp-block-paragraph\">N\u00e4here Informationen erhalten alle Jugendmitglieder von ihren Jugendwarten.<\/p> \",\"eventStatus\":\"https:\/\/schema.org\/EventScheduled\"}<\/script><\/div>\n\t\t\t\t<p class=\"desc_trig_outter\" style=\"\"><a data-gmap_status=\"null\" data-gmtrig=\"1\" data-exlk=\"0\" style=\"background-color: #4bb5d8;\" id=\"evc_1791669600700\" class=\"desc_trig sin_val evcal_list_a allday\" data-ux_val=\"1\" data-ux_val_mob=\"-\"  ><span class='evoet_c2 evoet_cx '><span class='evoet_dayblock evcal_cblock ' data-bgcolor='#4bb5d8' data-smon='Oktober' data-syr='2026'><span class='evo_start '><em class='year'>2026<\/em><em class='date'>11<\/em><em class='month'>Okt.<\/em><em class='time'>Ganzt\u00e4gig<\/em><\/span><\/span><\/span><span class='evoet_c3 evoet_cx evcal_desc evo_info ' ><span class='evoet_tags evo_above_title'><\/span><span class='evoet_title evcal_desc2 evcal_event_title' itemprop='name'>Abangeln - Jugend<\/span><span class='evoet_subtitle evo_below_title'><\/span><span class='evoet_time_expand level_3 evcal_desc_info evogap10'><\/span><span class='evcal_desc3'><\/span><\/span><em class='evoet_data' style='display:none' data-bgc='#4bb5d8'data-bggrad=''><\/em><\/a><\/p><div class='event_description evcal_eventcard ' style=\"display:none\"><div class='evocard_row'><div class='evocard_box eventdetails' data-c='' \n\t\t\t\t\tstyle=''><div class=\"evo_metarow_details evorow evcal_evdata_row evcal_event_details\">\n    <div class=\"event_excerpt\" style=\"display:none\"><h3 class=\"padb5 evo_h3\">Details<\/h3><p>N\u00e4here Informationen erhalten alle Jugendmitglieder von ihren Jugendwarten.<\/p><\/div><span class='evcal_evdata_icons'><i class='fa fa-align-justify'><\/i><\/span>    <div class=\"evcal_evdata_cell \">\n        <div class=\"eventon_full_description\">\n            <h3 class=\"padb5 evo_h3\"><span class='evcal_evdata_icons'><i class='fa fa-align-justify'><\/i><\/span>Details<\/h3>\n            <div class=\"eventon_desc_in\" itemprop=\"description\">\n                <p><\/p>\n<p class=\"wp-block-paragraph\">N\u00e4here Informationen erhalten alle Jugendmitglieder von ihren Jugendwarten.<\/p>\n<p><\/p>\n            <\/div>\n            <div class='clear'><\/div>        <\/div>\n    <\/div>\n<\/div><\/div><\/div><div class='evocard_row bx2 bx'><div class='evocard_box time' data-c='' \n\t\t\t\t\tstyle=''><div class='evo_metarow_time evorow evcal_evdata_row evcal_evrow_sm '>\n\t\t<span class='evcal_evdata_icons'><i class='fa fa-clock'><\/i><\/span>\n\t\t<div class='evcal_evdata_cell'>\t\t\t\t\t\t\t\n\t\t\t<h3 class='evo_h3'><span class='evcal_evdata_icons'><i class='fa fa-clock'><\/i><\/span>Uhrzeit<\/h3><p><span class='evo_eventcard_time_t'>11. Oktober 2026 Ganzt\u00e4gig<\/span><span class='evo_tz'>(GMT+02:00)<\/span><\/p>\n\t\t<\/div>\n\t<\/div><\/div><div class='evocard_box location' data-c='' \n\t\t\t\t\tstyle=''><div class='evcal_evdata_row evo_metarow_time_location evorow '>\n\t\t\n\t\t\t<span class='evcal_evdata_icons'><i class='fa fa-map-marker'><\/i><\/span>\n\t\t\t<div class='evcal_evdata_cell' data-loc_tax_id='18'><h3 class='evo_h3'><span class='evcal_evdata_icons'><i class='fa fa-map-marker'><\/i><\/span>Ort<\/h3><p class='evo_location_name' style='margin-bottom:10px; font-size:15px;'>Gew\u00e4sser Ochsensee<\/p><\/div>\n\t\t\n\t<\/div><\/div><\/div><div class='evocard_row'><div class='evocard_box addtocal' data-c='' \n\t\t\t\t\tstyle=''><div class='evo_metarow_ICS evorow evcal_evdata_row'>\n\t\t\t<span class='evcal_evdata_icons'><i class='fa fa-calendar-o'><\/i><\/span>\n\t\t\t<div class='evcal_evdata_cell'>\n\t\t\t\t<p><a href='https:\/\/asv-schlangen.de\/?export-events=single&event_id=700&repeat_interval=0&nonce=0b3a77c576' class='evo_ics_nCal' title='Add to your calendar'>Kalender<\/a><a href='\/\/www.google.com\/calendar\/event?action=TEMPLATE&amp;text=Abangeln+-+Jugend&amp;dates=20261010\/20261012&amp;ctz=Europe\/Berlin&amp;details=Abangeln+-+Jugend&amp;location=Gew%C3%A4sser+Ochsensee' target='_blank' rel='noopener noreferrer' class='evo_ics_gCal' title='Add to google calendar'>Googlecal<\/a><\/p>\t\n\t\t\t<\/div>\n\t\t<\/div><\/div><\/div><div class='evo_card_row_end evcal_close' title='Close'><\/div><\/div><div class='clear end'><\/div><\/div><div id=\"event_766_0\" class=\"eventon_list_event evo_eventtop scheduled  event event_766_0\" data-event_id=\"766\" data-ri=\"0r\" data-time=\"1792299600-1792324800\" data-colr=\"#195563\" itemscope itemtype='http:\/\/schema.org\/Event'><div class=\"evo_event_schema\" style=\"display:none\" ><a itemprop='url'  href='https:\/\/asv-schlangen.de\/?ajde_events=abangeln-2'><\/a><meta itemprop='image'  \/><meta itemprop='startDate' content=\"2026-10-18T07:00+0:00\" \/><meta itemprop='endDate' content=\"2026-10-18T14:00+0:00\" \/><meta itemprop='eventStatus' content=\"https:\/\/schema.org\/EventScheduled\" \/><item style=\"display:none\" itemprop=\"eventAttendanceMode\" itemscope itemtype=\"https:\/\/schema.org\/OfflineEventAttendanceMode\"><\/item><script type=\"application\/ld+json\">{\"@context\": \"http:\/\/schema.org\",\"@type\": \"Event\",\n\t\t\t\t\"@id\": \"event_766_0\",\n\t\t\t\t\"eventAttendanceMode\":\"https:\/\/schema.org\/OfflineEventAttendanceMode\",\n\t\t\t\t\"name\": \"Abangeln\",\n\t\t\t\t\"url\": \"https:\/\/asv-schlangen.de\/?ajde_events=abangeln-2\",\n\t\t\t\t\"startDate\": \"2026-10-18T07:00+0:00\",\n\t\t\t\t\"endDate\": \"2026-10-18T14:00+0:00\",\n\t\t\t\t\"image\":\"\", \n\t\t\t\t\"description\":\" <p class=\"wp-block-paragraph\">Mit dem traditionellen Abangeln m\u00f6chten wir die Saison der offiziellen Angelveranstaltungen 2026 mit euch zusammen abschlie\u00dfen.<\/p>    <p class=\"wp-block-paragraph\">Nach dem vierst\u00fcndigen Angeln m\u00f6chten wir zusammen mit einer herzhaften Gulaschsuppe und dem ein oder anderen Getr\u00e4nken den Tag zusammen ausklingen lassen.<\/p>    <p class=\"wp-block-paragraph\">Viel Petri Heil!<\/p>    <p class=\"wp-block-paragraph\"><\/p> \",\"eventStatus\":\"https:\/\/schema.org\/EventScheduled\"}<\/script><\/div>\n\t\t\t\t<p class=\"desc_trig_outter\" style=\"\"><a data-gmap_status=\"null\" data-gmtrig=\"1\" data-exlk=\"0\" style=\"background-color: #195563;\" id=\"evc_1792299600766\" class=\"desc_trig sin_val evcal_list_a\" data-ux_val=\"1\" data-ux_val_mob=\"-\"  ><span class='evoet_c2 evoet_cx '><span class='evoet_dayblock evcal_cblock ' data-bgcolor='#195563' data-smon='Oktober' data-syr='2026'><span class='evo_start '><em class='year'>2026<\/em><em class='date'>18<\/em><em class='month'>Okt.<\/em><em class='time'>7:00<\/em><\/span><span class='evo_end only_time'><em class='time'>14:00<\/em><\/span><\/span><\/span><span class='evoet_c3 evoet_cx evcal_desc evo_info ' ><span class='evoet_tags evo_above_title'><\/span><span class='evoet_title evcal_desc2 evcal_event_title' itemprop='name'>Abangeln<\/span><span class='evoet_subtitle evo_below_title'><\/span><span class='evoet_time_expand level_3 evcal_desc_info evogap10'><\/span><span class='evcal_desc3'><\/span><\/span><em class='evoet_data' style='display:none' data-bgc='#195563'data-bggrad=''><\/em><\/a><\/p><div class='event_description evcal_eventcard ' style=\"display:none\"><div class='evocard_row'><div class='evocard_box eventdetails' data-c='' \n\t\t\t\t\tstyle=''><div class=\"evo_metarow_details evorow evcal_evdata_row evcal_event_details\">\n    <div class=\"event_excerpt\" style=\"display:none\"><h3 class=\"padb5 evo_h3\">Details<\/h3><p>Mit dem traditionellen Abangeln m\u00f6chten wir die Saison der offiziellen Angelveranstaltungen 2026 mit euch zusammen abschlie\u00dfen.\n\n\n\nNach dem vierst\u00fcndigen Angeln m\u00f6chten wir zusammen mit einer<\/p><\/div><span class='evcal_evdata_icons'><i class='fa fa-align-justify'><\/i><\/span>    <div class=\"evcal_evdata_cell \">\n        <div class=\"eventon_full_description\">\n            <h3 class=\"padb5 evo_h3\"><span class='evcal_evdata_icons'><i class='fa fa-align-justify'><\/i><\/span>Details<\/h3>\n            <div class=\"eventon_desc_in\" itemprop=\"description\">\n                <p><\/p>\n<p class=\"wp-block-paragraph\">Mit dem traditionellen Abangeln m\u00f6chten wir die Saison der offiziellen Angelveranstaltungen 2026 mit euch zusammen abschlie\u00dfen.<\/p>\n<p><\/p>\n<p><\/p>\n<p class=\"wp-block-paragraph\">Nach dem vierst\u00fcndigen Angeln m\u00f6chten wir zusammen mit einer herzhaften Gulaschsuppe und dem ein oder anderen Getr\u00e4nken den Tag zusammen ausklingen lassen.<\/p>\n<p><\/p>\n<p><\/p>\n<p class=\"wp-block-paragraph\">Viel Petri Heil!<\/p>\n<p><\/p>\n<p><\/p>\n<p class=\"wp-block-paragraph\"><\/p>\n            <\/div>\n            <div class='clear'><\/div>        <\/div>\n    <\/div>\n<\/div><\/div><\/div><div class='evocard_row bx2 bx'><div class='evocard_box time' data-c='' \n\t\t\t\t\tstyle=''><div class='evo_metarow_time evorow evcal_evdata_row evcal_evrow_sm '>\n\t\t<span class='evcal_evdata_icons'><i class='fa fa-clock'><\/i><\/span>\n\t\t<div class='evcal_evdata_cell'>\t\t\t\t\t\t\t\n\t\t\t<h3 class='evo_h3'><span class='evcal_evdata_icons'><i class='fa fa-clock'><\/i><\/span>Uhrzeit<\/h3><p><span class='evo_eventcard_time_t'>18. Oktober 2026 7:00 - 14:00<\/span><span class='evo_tz'>(GMT+02:00)<\/span><\/p>\n\t\t<\/div>\n\t<\/div><\/div><div class='evocard_box location' data-c='' \n\t\t\t\t\tstyle=''><div class='evcal_evdata_row evo_metarow_time_location evorow '>\n\t\t\n\t\t\t<span class='evcal_evdata_icons'><i class='fa fa-map-marker'><\/i><\/span>\n\t\t\t<div class='evcal_evdata_cell' data-loc_tax_id='18'><h3 class='evo_h3'><span class='evcal_evdata_icons'><i class='fa fa-map-marker'><\/i><\/span>Ort<\/h3><p class='evo_location_name' style='margin-bottom:10px; font-size:15px;'>Gew\u00e4sser Ochsensee<\/p><\/div>\n\t\t\n\t<\/div><\/div><\/div><div class='evocard_row'><div class='evocard_box addtocal' data-c='' \n\t\t\t\t\tstyle=''><div class='evo_metarow_ICS evorow evcal_evdata_row'>\n\t\t\t<span class='evcal_evdata_icons'><i class='fa fa-calendar-o'><\/i><\/span>\n\t\t\t<div class='evcal_evdata_cell'>\n\t\t\t\t<p><a href='https:\/\/asv-schlangen.de\/?export-events=single&event_id=766&repeat_interval=0&nonce=0b3a77c576' class='evo_ics_nCal' title='Add to your calendar'>Kalender<\/a><a href='\/\/www.google.com\/calendar\/event?action=TEMPLATE&amp;text=Abangeln&amp;dates=20261018T050000Z\/20261018T120000Z&amp;ctz=Europe\/Berlin&amp;details=Abangeln&amp;location=Gew%C3%A4sser+Ochsensee' target='_blank' rel='noopener noreferrer' class='evo_ics_gCal' title='Add to google calendar'>Googlecal<\/a><\/p>\t\n\t\t\t<\/div>\n\t\t<\/div><\/div><\/div><div class='evo_card_row_end evcal_close' title='Close'><\/div><\/div><div class='clear end'><\/div><\/div><\/div><div class='evcal_month_line' data-d='eml_11_2026'><p>November 2026<\/p><\/div><div class='sep_month_events ' data-d='eml_11_2026'><div id=\"event_461_0\" class=\"eventon_list_event evo_eventtop scheduled  event event_461_0\" data-event_id=\"461\" data-ri=\"0r\" data-time=\"1788040800-1795388340\" data-colr=\"#195563\" itemscope itemtype='http:\/\/schema.org\/Event'><div class=\"evo_event_schema\" style=\"display:none\" ><a itemprop='url'  href='https:\/\/asv-schlangen.de\/?ajde_events=raubfisch-monat'><\/a><meta itemprop='image'  \/><meta itemprop='startDate' content=\"2026-8-30\" \/><meta itemprop='endDate' content=\"2026-11-22\" \/><meta itemprop='eventStatus' content=\"https:\/\/schema.org\/EventScheduled\" \/><item style=\"display:none\" itemprop=\"eventAttendanceMode\" itemscope itemtype=\"https:\/\/schema.org\/OfflineEventAttendanceMode\"><\/item><script type=\"application\/ld+json\">{\"@context\": \"http:\/\/schema.org\",\"@type\": \"Event\",\n\t\t\t\t\"@id\": \"event_461_0\",\n\t\t\t\t\"eventAttendanceMode\":\"https:\/\/schema.org\/OfflineEventAttendanceMode\",\n\t\t\t\t\"name\": \"Raubfischwochen\",\n\t\t\t\t\"url\": \"https:\/\/asv-schlangen.de\/?ajde_events=raubfisch-monat\",\n\t\t\t\t\"startDate\": \"2026-8-30\",\n\t\t\t\t\"endDate\": \"2026-11-22\",\n\t\t\t\t\"image\":\"\", \n\t\t\t\t\"description\":\" <p class=\"wp-block-paragraph\">Innerhalb der letzten Jahre wurde die Erweiterung des traditionellen Raubfischangelns in unserem Verein positiv angenommen.<\/p>    <p class=\"wp-block-paragraph\">Auch 2026 m\u00f6chten wir wieder mit euch zusammen den Raubfischen gezielt nachstellen.<\/p>    <p class=\"wp-block-paragraph\">N\u00e4here Informationen erhaltet ihr, wie immer, zeitnah!<\/p>    <p class=\"wp-block-paragraph\"><\/p> \",\"eventStatus\":\"https:\/\/schema.org\/EventScheduled\"}<\/script><\/div>\n\t\t\t\t<p class=\"desc_trig_outter\" style=\"\"><a data-gmap_status=\"null\" data-gmtrig=\"1\" data-exlk=\"0\" style=\"background-color: #195563;\" id=\"evc_1788040800461\" class=\"desc_trig mul_val evcal_list_a allday\" data-ux_val=\"1\" data-ux_val_mob=\"-\"  ><span class='evoet_c2 evoet_cx '><span class='evoet_dayblock evcal_cblock ' data-bgcolor='#195563' data-smon='August' data-syr='2026'><span class='evo_start '><em class='year'>2026<\/em><em class='date'>30<\/em><em class='month'>Aug.<\/em><em class='time'>Ganzt\u00e4gig<\/em><\/span><span class='evo_end '><em class='date'>22<\/em><em class='month'>Nov.<\/em><\/span><\/span><\/span><span class='evoet_c3 evoet_cx evcal_desc evo_info ' ><span class='evoet_tags evo_above_title'><span class='evo_live_now' title='Live Now'><svg version=\"1.1\" x=\"0px\" y=\"0px\" viewBox=\"0 0 73 53\" enable-background=\"new 0 0 100 100\" xmlns=\"http:\/\/www.w3.org\/2000\/svg\"><g transform=\"matrix(1, 0, 0, 1, -13.792313, -23.832699)\"><g><path  d=\"M75.505,25.432c-0.56-0.578-1.327-0.906-2.132-0.913c-0.008,0-0.015,0-0.022,0    c-0.796,0-1.56,0.316-2.123,0.88l-0.302,0.302c-1.156,1.158-1.171,3.029-0.033,4.206c5.274,5.451,8.18,12.63,8.18,20.214    c0,7.585-2.905,14.764-8.18,20.214c-1.141,1.178-1.124,3.054,0.037,4.211l0.303,0.302c0.562,0.561,1.324,0.875,2.118,0.875    c0.009,0,0.018,0,0.026,0c0.803-0.007,1.569-0.336,2.128-0.912C81.95,68.158,85.5,59.39,85.5,50.121    C85.5,40.853,81.95,32.085,75.505,25.432z\"\/><path d=\"M20.928,50.121c0-7.583,2.905-14.762,8.18-20.214c1.14-1.177,1.124-3.051-0.036-4.209l-0.303-0.302    c-0.563-0.562-1.325-0.877-2.12-0.877c-0.008,0-0.017,0-0.025,0c-0.804,0.007-1.571,0.335-2.13,0.913    C18.049,32.085,14.5,40.853,14.5,50.121c0,9.269,3.549,18.037,9.995,24.689c0.56,0.578,1.327,0.906,2.131,0.913    c0.008,0,0.016,0,0.024,0c0.795,0,1.559-0.315,2.121-0.879l0.303-0.303c1.158-1.158,1.174-3.03,0.035-4.207    C23.833,64.884,20.928,57.705,20.928,50.121z\"\/><path  d=\"M65.611,36.945c-0.561-0.579-1.33-0.907-2.136-0.913c-0.006,0-0.013,0-0.019,0    c-0.799,0-1.565,0.319-2.128,0.886l-0.147,0.148c-1.151,1.159-1.164,3.026-0.028,4.201c2.311,2.387,3.583,5.532,3.583,8.854    c0,3.323-1.272,6.468-3.582,8.854c-1.137,1.175-1.125,3.042,0.027,4.201l0.147,0.148c0.562,0.567,1.329,0.886,2.128,0.886    c0.006,0,0.013,0,0.019,0c0.806-0.005,1.575-0.334,2.136-0.912c3.44-3.551,5.335-8.23,5.335-13.177    C70.946,45.175,69.052,40.496,65.611,36.945z\"\/><path d=\"M38.812,37.06l-0.148-0.148c-0.562-0.563-1.326-0.879-2.121-0.879c-0.008,0-0.016,0-0.024,0    c-0.804,0.006-1.571,0.335-2.131,0.913c-3.439,3.55-5.333,8.229-5.333,13.176c0,4.947,1.894,9.627,5.334,13.177    c0.559,0.577,1.327,0.905,2.131,0.912c0.008,0,0.016,0,0.023,0c0.795,0,1.559-0.315,2.121-0.879l0.148-0.148    c1.158-1.158,1.173-3.03,0.035-4.208c-2.31-2.387-3.583-5.53-3.583-8.854c0-3.322,1.272-6.467,3.583-8.854    C39.986,40.09,39.971,38.217,38.812,37.06z\"\/><\/g><circle cx=\"50\" cy=\"50.009\" r=\"6.5\"\/> <\/g><\/svg><\/span><\/span><span class='evoet_title evcal_desc2 evcal_event_title' itemprop='name'>Raubfischwochen<\/span><span class='evoet_subtitle evo_below_title'><\/span><span class='evoet_time_expand level_3 evcal_desc_info evogap10'><\/span><span class='evcal_desc3'><span class='evo_event_progress evo_event_progress' ><span class='evo_epbar_o'><span class='evo_ep_bar'><b style='width:6%'><\/b><\/span><\/span><span class='evo_ep_time evo_countdowner' data-endutc='1795388340' data-gap='6836187' data-dur='7347540' data-exp_act='' data-n='' data-ds='Tage' data-d='Tag' data-t='Time Left'><\/span><\/span><\/span><\/span><em class='evoet_data' style='display:none' data-bgc='#195563'data-bggrad=''><\/em><\/a><\/p><div class='event_description evcal_eventcard ' style=\"display:none\"><div class='evocard_row'><div class='evocard_box eventdetails' data-c='' \n\t\t\t\t\tstyle=''><div class=\"evo_metarow_details evorow evcal_evdata_row evcal_event_details\">\n    <div class=\"event_excerpt\" style=\"display:none\"><h3 class=\"padb5 evo_h3\">Details<\/h3><p>Innerhalb der letzten Jahre wurde die Erweiterung des traditionellen Raubfischangelns in unserem Verein positiv angenommen.\n\n\n\nAuch 2026 m\u00f6chten wir wieder mit euch zusammen den Raubfischen<\/p><\/div><span class='evcal_evdata_icons'><i class='fa fa-align-justify'><\/i><\/span>    <div class=\"evcal_evdata_cell \">\n        <div class=\"eventon_full_description\">\n            <h3 class=\"padb5 evo_h3\"><span class='evcal_evdata_icons'><i class='fa fa-align-justify'><\/i><\/span>Details<\/h3>\n            <div class=\"eventon_desc_in\" itemprop=\"description\">\n                <p><\/p>\n<p class=\"wp-block-paragraph\">Innerhalb der letzten Jahre wurde die Erweiterung des traditionellen Raubfischangelns in unserem Verein positiv angenommen.<\/p>\n<p><\/p>\n<p><\/p>\n<p class=\"wp-block-paragraph\">Auch 2026 m\u00f6chten wir wieder mit euch zusammen den Raubfischen gezielt nachstellen.<\/p>\n<p><\/p>\n<p><\/p>\n<p class=\"wp-block-paragraph\">N\u00e4here Informationen erhaltet ihr, wie immer, zeitnah!<\/p>\n<p><\/p>\n<p><\/p>\n<p class=\"wp-block-paragraph\"><\/p>\n            <\/div>\n            <div class='clear'><\/div>        <\/div>\n    <\/div>\n<\/div><\/div><\/div><div class='evocard_row bx2 bx'><div class='evocard_box time' data-c='' \n\t\t\t\t\tstyle=''><div class='evo_metarow_time evorow evcal_evdata_row evcal_evrow_sm '>\n\t\t<span class='evcal_evdata_icons'><i class='fa fa-clock'><\/i><\/span>\n\t\t<div class='evcal_evdata_cell'>\t\t\t\t\t\t\t\n\t\t\t<h3 class='evo_h3'><span class='evcal_evdata_icons'><i class='fa fa-clock'><\/i><\/span>Uhrzeit<\/h3><p><span class='evo_eventcard_time_t'>30. August 2026 - 22. November 2026 (Ganzt\u00e4gig)<\/span><span class='evo_tz'>(GMT+02:00)<\/span><\/p>\n\t\t<\/div>\n\t<\/div><\/div><div class='evocard_box location' data-c='' \n\t\t\t\t\tstyle=''><div class='evcal_evdata_row evo_metarow_time_location evorow '>\n\t\t\n\t\t\t<span class='evcal_evdata_icons'><i class='fa fa-map-marker'><\/i><\/span>\n\t\t\t<div class='evcal_evdata_cell' data-loc_tax_id='21'><h3 class='evo_h3'><span class='evcal_evdata_icons'><i class='fa fa-map-marker'><\/i><\/span>Ort<\/h3><p class='evo_location_name' style='margin-bottom:10px; font-size:15px;'>Vereinsgew\u00e4sser<\/p><\/div>\n\t\t\n\t<\/div><\/div><\/div><div class='evocard_row'><div class='evocard_box addtocal' data-c='' \n\t\t\t\t\tstyle=''><div class='evo_metarow_ICS evorow evcal_evdata_row'>\n\t\t\t<span class='evcal_evdata_icons'><i class='fa fa-calendar-o'><\/i><\/span>\n\t\t\t<div class='evcal_evdata_cell'>\n\t\t\t\t<p><a href='https:\/\/asv-schlangen.de\/?export-events=single&event_id=461&repeat_interval=0&nonce=0b3a77c576' class='evo_ics_nCal' title='Add to your calendar'>Kalender<\/a><a href='\/\/www.google.com\/calendar\/event?action=TEMPLATE&amp;text=Raubfischwochen&amp;dates=20260829\/20261123&amp;ctz=Europe\/Berlin&amp;details=Raubfischwochen&amp;location=Vereinsgew%C3%A4sser' target='_blank' rel='noopener noreferrer' class='evo_ics_gCal' title='Add to google calendar'>Googlecal<\/a><\/p>\t\n\t\t\t<\/div>\n\t\t<\/div><\/div><\/div><div class='evo_card_row_end evcal_close' title='Close'><\/div><\/div><div class='clear end'><\/div><\/div><div id=\"event_138_0\" class=\"eventon_list_event evo_eventtop scheduled  event no_et event_138_0\" data-event_id=\"138\" data-ri=\"0r\" data-time=\"1794074400-1794095400\" data-colr=\"#195563\" itemscope itemtype='http:\/\/schema.org\/Event'><div class=\"evo_event_schema\" style=\"display:none\" ><a itemprop='url'  href='https:\/\/asv-schlangen.de\/?ajde_events=preis-skat'><\/a><meta itemprop='image'  \/><meta itemprop='startDate' content=\"2026-11-7T19:00+0:00\" \/><meta itemprop='endDate' content=\"2026-11-8T00:50+0:00\" \/><meta itemprop='eventStatus' content=\"https:\/\/schema.org\/EventScheduled\" \/><item style=\"display:none\" itemprop=\"eventAttendanceMode\" itemscope itemtype=\"https:\/\/schema.org\/OfflineEventAttendanceMode\"><\/item><script type=\"application\/ld+json\">{\"@context\": \"http:\/\/schema.org\",\"@type\": \"Event\",\n\t\t\t\t\"@id\": \"event_138_0\",\n\t\t\t\t\"eventAttendanceMode\":\"https:\/\/schema.org\/OfflineEventAttendanceMode\",\n\t\t\t\t\"name\": \"Preis-Skat\",\n\t\t\t\t\"url\": \"https:\/\/asv-schlangen.de\/?ajde_events=preis-skat\",\n\t\t\t\t\"startDate\": \"2026-11-7T19:00+0:00\",\n\t\t\t\t\"endDate\": \"2026-11-8T00:50+0:00\",\n\t\t\t\t\"image\":\"\", \n\t\t\t\t\"description\":\" <p class=\"wp-block-paragraph\">Teilnehmen kann jedes Vereinsmitglied, sowie eine mitgebrachte Person. Wir treffen uns im Vereinsheim an der Ochsenwiese. Los geht es um 18:00 Uhr.<\/p>    <p class=\"wp-block-paragraph\"><\/p> \",\"eventStatus\":\"https:\/\/schema.org\/EventScheduled\"}<\/script><\/div>\n\t\t\t\t<p class=\"desc_trig_outter\" style=\"\"><a data-gmap_status=\"null\" data-gmtrig=\"1\" data-exlk=\"0\" style=\"background-color: #195563;\" id=\"evc_1794074400138\" class=\"desc_trig sin_val evcal_list_a\" data-ux_val=\"1\" data-ux_val_mob=\"-\"  ><span class='evoet_c2 evoet_cx '><span class='evoet_dayblock evcal_cblock ' data-bgcolor='#195563' data-smon='November' data-syr='2026'><span class='evo_start '><em class='year'>2026<\/em><em class='date'>07<\/em><em class='month'>Nov.<\/em><em class='time'>18:00<\/em><\/span><\/span><\/span><span class='evoet_c3 evoet_cx evcal_desc evo_info ' ><span class='evoet_tags evo_above_title'><\/span><span class='evoet_title evcal_desc2 evcal_event_title' itemprop='name'>Preis-Skat<\/span><span class='evoet_subtitle evo_below_title'><\/span><span class='evoet_time_expand level_3 evcal_desc_info evogap10'><\/span><span class='evcal_desc3'><\/span><\/span><em class='evoet_data' style='display:none' data-bgc='#195563'data-bggrad=''><\/em><\/a><\/p><div class='event_description evcal_eventcard ' style=\"display:none\"><div class='evocard_row'><div class='evocard_box eventdetails' data-c='' \n\t\t\t\t\tstyle=''><div class=\"evo_metarow_details evorow evcal_evdata_row evcal_event_details\">\n    <div class=\"event_excerpt\" style=\"display:none\"><h3 class=\"padb5 evo_h3\">Details<\/h3><p>Teilnehmen kann jedes Vereinsmitglied, sowie eine mitgebrachte Person. Wir treffen uns im Vereinsheim an der Ochsenwiese. Los geht es um 18:00 Uhr.<\/p><\/div><span class='evcal_evdata_icons'><i class='fa fa-align-justify'><\/i><\/span>    <div class=\"evcal_evdata_cell \">\n        <div class=\"eventon_full_description\">\n            <h3 class=\"padb5 evo_h3\"><span class='evcal_evdata_icons'><i class='fa fa-align-justify'><\/i><\/span>Details<\/h3>\n            <div class=\"eventon_desc_in\" itemprop=\"description\">\n                <p><\/p>\n<p class=\"wp-block-paragraph\">Teilnehmen kann jedes Vereinsmitglied, sowie eine mitgebrachte Person. Wir treffen uns im Vereinsheim an der Ochsenwiese. Los geht es um 18:00 Uhr.<\/p>\n<p><\/p>\n<p><\/p>\n<p class=\"wp-block-paragraph\"><\/p>\n            <\/div>\n            <div class='clear'><\/div>        <\/div>\n    <\/div>\n<\/div><\/div><\/div><div class='evocard_row bx2 bx'><div class='evocard_box time' data-c='' \n\t\t\t\t\tstyle=''><div class='evo_metarow_time evorow evcal_evdata_row evcal_evrow_sm '>\n\t\t<span class='evcal_evdata_icons'><i class='fa fa-clock'><\/i><\/span>\n\t\t<div class='evcal_evdata_cell'>\t\t\t\t\t\t\t\n\t\t\t<h3 class='evo_h3'><span class='evcal_evdata_icons'><i class='fa fa-clock'><\/i><\/span>Uhrzeit<\/h3><p><span class='evo_eventcard_time_t'>7. November 2026 18:00<\/span><span class='evo_tz'>(GMT+00:00)<\/span><\/p>\n\t\t<\/div>\n\t<\/div><\/div><div class='evocard_box location' data-c='' \n\t\t\t\t\tstyle=''><div class='evcal_evdata_row evo_metarow_time_location evorow '>\n\t\t\n\t\t\t<span class='evcal_evdata_icons'><i class='fa fa-map-marker'><\/i><\/span>\n\t\t\t<div class='evcal_evdata_cell' data-loc_tax_id='11'><h3 class='evo_h3'><span class='evcal_evdata_icons'><i class='fa fa-map-marker'><\/i><\/span>Ort<\/h3><p class='evo_location_name' style='margin-bottom:10px; font-size:15px;'>Vereinsheim am Ochsensee<\/p><\/div>\n\t\t\n\t<\/div><\/div><\/div><div class='evocard_row'><div class='evocard_box addtocal' data-c='' \n\t\t\t\t\tstyle=''><div class='evo_metarow_ICS evorow evcal_evdata_row'>\n\t\t\t<span class='evcal_evdata_icons'><i class='fa fa-calendar-o'><\/i><\/span>\n\t\t\t<div class='evcal_evdata_cell'>\n\t\t\t\t<p><a href='https:\/\/asv-schlangen.de\/?export-events=single&event_id=138&repeat_interval=0&nonce=0b3a77c576' class='evo_ics_nCal' title='Add to your calendar'>Kalender<\/a><a href='\/\/www.google.com\/calendar\/event?action=TEMPLATE&amp;text=Preis-Skat&amp;dates=20261107T180000Z\/20261107T235000Z&amp;ctz=UTC&amp;details=Preis-Skat&amp;location=Vereinsheim+am+Ochsensee' target='_blank' rel='noopener noreferrer' class='evo_ics_gCal' title='Add to google calendar'>Googlecal<\/a><\/p>\t\n\t\t\t<\/div>\n\t\t<\/div><\/div><\/div><div class='evo_card_row_end evcal_close' title='Close'><\/div><\/div><div class='clear end'><\/div><\/div><div id=\"event_139_0\" class=\"eventon_list_event evo_eventtop scheduled  event event_139_0\" data-event_id=\"139\" data-ri=\"0r\" data-time=\"1795334400-1795348800\" data-colr=\"#195563\" itemscope itemtype='http:\/\/schema.org\/Event'><div class=\"evo_event_schema\" style=\"display:none\" ><a itemprop='url'  href='https:\/\/asv-schlangen.de\/?ajde_events=raubfischangeln'><\/a><meta itemprop='image'  \/><meta itemprop='startDate' content=\"2026-11-22T09:00+0:00\" \/><meta itemprop='endDate' content=\"2026-11-22T13:00+0:00\" \/><meta itemprop='eventStatus' content=\"https:\/\/schema.org\/EventScheduled\" \/><item style=\"display:none\" itemprop=\"eventAttendanceMode\" itemscope itemtype=\"https:\/\/schema.org\/OfflineEventAttendanceMode\"><\/item><script type=\"application\/ld+json\">{\"@context\": \"http:\/\/schema.org\",\"@type\": \"Event\",\n\t\t\t\t\"@id\": \"event_139_0\",\n\t\t\t\t\"eventAttendanceMode\":\"https:\/\/schema.org\/OfflineEventAttendanceMode\",\n\t\t\t\t\"name\": \"Winterangeln\",\n\t\t\t\t\"url\": \"https:\/\/asv-schlangen.de\/?ajde_events=raubfischangeln\",\n\t\t\t\t\"startDate\": \"2026-11-22T09:00+0:00\",\n\t\t\t\t\"endDate\": \"2026-11-22T13:00+0:00\",\n\t\t\t\t\"image\":\"\", \n\t\t\t\t\"description\":\" <p class=\"wp-block-paragraph\">Und schon wieder geht die Saison zu Ende...<\/p>    <p class=\"wp-block-paragraph\">Ein letztes Mal in diesem Jahr treffen sich die Mitglieder zusammen am Gew\u00e4sser Ochsensee...<\/p>    <p class=\"wp-block-paragraph\">Dieses Jahr geht es nicht nur auf Raubfisch, sondern es soll auf den Fisch geangelt werden auf den man am ehesten Lust hat.<\/p>    <p class=\"wp-block-paragraph\">Direkt nach dem Eintreffen darf gestartet werden.<\/p>    <p class=\"wp-block-paragraph\">Neben der ASV Feuertonne, die uns w\u00e4rme spendiert, wird Gl\u00fchwein serviert und das legend\u00e4re Schichtfleisch im Br\u00f6tchen zubereitet.<\/p>    <p class=\"wp-block-paragraph\"><\/p> \",\"eventStatus\":\"https:\/\/schema.org\/EventScheduled\"}<\/script><\/div>\n\t\t\t\t<p class=\"desc_trig_outter\" style=\"\"><a data-gmap_status=\"null\" data-gmtrig=\"1\" data-exlk=\"0\" style=\"background-color: #195563;\" id=\"evc_1795334400139\" class=\"desc_trig sin_val evcal_list_a\" data-ux_val=\"1\" data-ux_val_mob=\"-\"  ><span class='evoet_c2 evoet_cx '><span class='evoet_dayblock evcal_cblock ' data-bgcolor='#195563' data-smon='November' data-syr='2026'><span class='evo_start '><em class='year'>2026<\/em><em class='date'>22<\/em><em class='month'>Nov.<\/em><em class='time'>8:00<\/em><\/span><span class='evo_end only_time'><em class='time'>12:00<\/em><\/span><\/span><\/span><span class='evoet_c3 evoet_cx evcal_desc evo_info ' ><span class='evoet_tags evo_above_title'><\/span><span class='evoet_title evcal_desc2 evcal_event_title' itemprop='name'>Winterangeln<\/span><span class='evoet_subtitle evo_below_title'><\/span><span class='evoet_time_expand level_3 evcal_desc_info evogap10'><\/span><span class='evcal_desc3'><\/span><\/span><em class='evoet_data' style='display:none' data-bgc='#195563'data-bggrad=''><\/em><\/a><\/p><div class='event_description evcal_eventcard ' style=\"display:none\"><div class='evocard_row'><div class='evocard_box eventdetails' data-c='' \n\t\t\t\t\tstyle=''><div class=\"evo_metarow_details evorow evcal_evdata_row evcal_event_details\">\n    <div class=\"event_excerpt\" style=\"display:none\"><h3 class=\"padb5 evo_h3\">Details<\/h3><p>Und schon wieder geht die Saison zu Ende...\n\n\n\nEin letztes Mal in diesem Jahr treffen sich die Mitglieder zusammen am Gew\u00e4sser Ochsensee...<\/p><\/div><span class='evcal_evdata_icons'><i class='fa fa-align-justify'><\/i><\/span>    <div class=\"evcal_evdata_cell shorter_desc\">\n        <div class=\"eventon_full_description\">\n            <h3 class=\"padb5 evo_h3\"><span class='evcal_evdata_icons'><i class='fa fa-align-justify'><\/i><\/span>Details<\/h3>\n            <div class=\"eventon_desc_in\" itemprop=\"description\">\n                <p><\/p>\n<p class=\"wp-block-paragraph\">Und schon wieder geht die Saison zu Ende&#8230;<\/p>\n<p><\/p>\n<p><\/p>\n<p class=\"wp-block-paragraph\">Ein letztes Mal in diesem Jahr treffen sich die Mitglieder zusammen am Gew\u00e4sser Ochsensee&#8230;<\/p>\n<p><\/p>\n<p><\/p>\n<p class=\"wp-block-paragraph\">Dieses Jahr geht es nicht nur auf Raubfisch, sondern es soll auf den Fisch geangelt werden auf den man am ehesten Lust hat.<\/p>\n<p><\/p>\n<p><\/p>\n<p class=\"wp-block-paragraph\">Direkt nach dem Eintreffen darf gestartet werden.<\/p>\n<p><\/p>\n<p><\/p>\n<p class=\"wp-block-paragraph\">Neben der ASV Feuertonne, die uns w\u00e4rme spendiert, wird Gl\u00fchwein serviert und das legend\u00e4re Schichtfleisch im Br\u00f6tchen zubereitet.<\/p>\n<p><\/p>\n<p><\/p>\n<p class=\"wp-block-paragraph\"><\/p>\n            <\/div>\n            <p class='eventon_shad_p' style='padding:5px 0 0; margin:0'><span class='evcal_btn evo_btn_secondary evobtn_details_show_more' content='less'><span class='ev_more_text' data-txt='weniger'>mehr<\/span><span class='ev_more_arrow ard'><\/span><\/span><\/p><div class='clear'><\/div>        <\/div>\n    <\/div>\n<\/div><\/div><\/div><div class='evocard_row bx2 bx'><div class='evocard_box time' data-c='' \n\t\t\t\t\tstyle=''><div class='evo_metarow_time evorow evcal_evdata_row evcal_evrow_sm '>\n\t\t<span class='evcal_evdata_icons'><i class='fa fa-clock'><\/i><\/span>\n\t\t<div class='evcal_evdata_cell'>\t\t\t\t\t\t\t\n\t\t\t<h3 class='evo_h3'><span class='evcal_evdata_icons'><i class='fa fa-clock'><\/i><\/span>Uhrzeit<\/h3><p><span class='evo_eventcard_time_t'>22. November 2026 8:00 - 12:00<\/span><span class='evo_tz'>(GMT+00:00)<\/span><\/p>\n\t\t<\/div>\n\t<\/div><\/div><div class='evocard_box location' data-c='' \n\t\t\t\t\tstyle=''><div class='evcal_evdata_row evo_metarow_time_location evorow '>\n\t\t\n\t\t\t<span class='evcal_evdata_icons'><i class='fa fa-map-marker'><\/i><\/span>\n\t\t\t<div class='evcal_evdata_cell' data-loc_tax_id='18'><h3 class='evo_h3'><span class='evcal_evdata_icons'><i class='fa fa-map-marker'><\/i><\/span>Ort<\/h3><p class='evo_location_name' style='margin-bottom:10px; font-size:15px;'>Gew\u00e4sser Ochsensee<\/p><\/div>\n\t\t\n\t<\/div><\/div><\/div><div class='evocard_row'><div class='evocard_box addtocal' data-c='' \n\t\t\t\t\tstyle=''><div class='evo_metarow_ICS evorow evcal_evdata_row'>\n\t\t\t<span class='evcal_evdata_icons'><i class='fa fa-calendar-o'><\/i><\/span>\n\t\t\t<div class='evcal_evdata_cell'>\n\t\t\t\t<p><a href='https:\/\/asv-schlangen.de\/?export-events=single&event_id=139&repeat_interval=0&nonce=0b3a77c576' class='evo_ics_nCal' title='Add to your calendar'>Kalender<\/a><a href='\/\/www.google.com\/calendar\/event?action=TEMPLATE&amp;text=Winterangeln&amp;dates=20261122T080000Z\/20261122T120000Z&amp;ctz=UTC&amp;details=Winterangeln&amp;location=Gew%C3%A4sser+Ochsensee' target='_blank' rel='noopener noreferrer' class='evo_ics_gCal' title='Add to google calendar'>Googlecal<\/a><\/p>\t\n\t\t\t<\/div>\n\t\t<\/div><\/div><\/div><div class='evo_card_row_end evcal_close' title='Close'><\/div><\/div><div class='clear end'><\/div><\/div><\/div><div class='evcal_month_line' data-d='eml_12_2026'><p>Dezember 2026<\/p><\/div><div class='sep_month_events ' data-d='eml_12_2026'><div id=\"event_810_0\" class=\"eventon_list_event evo_eventtop scheduled  event event_810_0\" data-event_id=\"810\" data-ri=\"0r\" data-time=\"1796511600-1796597940\" data-colr=\"#4bb5d8\" itemscope itemtype='http:\/\/schema.org\/Event'><div class=\"evo_event_schema\" style=\"display:none\" ><a itemprop='url'  href='https:\/\/asv-schlangen.de\/?ajde_events=nikolaus-angeln'><\/a><meta itemprop='image'  \/><meta itemprop='startDate' content=\"2026-12-6\" \/><meta itemprop='endDate' content=\"2026-12-6\" \/><meta itemprop='eventStatus' content=\"https:\/\/schema.org\/EventScheduled\" \/><item style=\"display:none\" itemprop=\"eventAttendanceMode\" itemscope itemtype=\"https:\/\/schema.org\/OfflineEventAttendanceMode\"><\/item><script type=\"application\/ld+json\">{\"@context\": \"http:\/\/schema.org\",\"@type\": \"Event\",\n\t\t\t\t\"@id\": \"event_810_0\",\n\t\t\t\t\"eventAttendanceMode\":\"https:\/\/schema.org\/OfflineEventAttendanceMode\",\n\t\t\t\t\"name\": \"Nikolaus-Angeln\",\n\t\t\t\t\"url\": \"https:\/\/asv-schlangen.de\/?ajde_events=nikolaus-angeln\",\n\t\t\t\t\"startDate\": \"2026-12-6\",\n\t\t\t\t\"endDate\": \"2026-12-6\",\n\t\t\t\t\"image\":\"\", \n\t\t\t\t\"description\":\" <p class=\"wp-block-paragraph\">HoHoHo die Weihnachtszeit steht bevor. Ein letztes Mal im Jahr 2026 treffen sich die Jugendlichen zu einem gemeinsamen Angeln.<\/p>    <p class=\"wp-block-paragraph\">N\u00e4here Informationen erhalten alle Jugendmitglieder von ihren Jugendwarten.<\/p>    <p class=\"wp-block-paragraph\"><\/p> \",\"eventStatus\":\"https:\/\/schema.org\/EventScheduled\"}<\/script><\/div>\n\t\t\t\t<p class=\"desc_trig_outter\" style=\"\"><a data-gmap_status=\"null\" data-gmtrig=\"1\" data-exlk=\"0\" style=\"background-color: #4bb5d8;\" id=\"evc_1796511600810\" class=\"desc_trig sin_val evcal_list_a allday\" data-ux_val=\"1\" data-ux_val_mob=\"-\"  ><span class='evoet_c2 evoet_cx '><span class='evoet_dayblock evcal_cblock ' data-bgcolor='#4bb5d8' data-smon='Dezember' data-syr='2026'><span class='evo_start '><em class='year'>2026<\/em><em class='date'>06<\/em><em class='month'>Dez.<\/em><em class='time'>Ganzt\u00e4gig<\/em><\/span><\/span><\/span><span class='evoet_c3 evoet_cx evcal_desc evo_info ' ><span class='evoet_tags evo_above_title'><\/span><span class='evoet_title evcal_desc2 evcal_event_title' itemprop='name'>Nikolaus-Angeln<\/span><span class='evoet_subtitle evo_below_title'><\/span><span class='evoet_time_expand level_3 evcal_desc_info evogap10'><\/span><span class='evcal_desc3'><\/span><\/span><em class='evoet_data' style='display:none' data-bgc='#4bb5d8'data-bggrad=''><\/em><\/a><\/p><div class='event_description evcal_eventcard ' style=\"display:none\"><div class='evocard_row'><div class='evocard_box eventdetails' data-c='' \n\t\t\t\t\tstyle=''><div class=\"evo_metarow_details evorow evcal_evdata_row evcal_event_details\">\n    <div class=\"event_excerpt\" style=\"display:none\"><h3 class=\"padb5 evo_h3\">Details<\/h3><p>HoHoHo die Weihnachtszeit steht bevor. Ein letztes Mal im Jahr 2026 treffen sich die Jugendlichen zu einem gemeinsamen Angeln.\n\n\n\nN\u00e4here Informationen erhalten alle Jugendmitglieder von<\/p><\/div><span class='evcal_evdata_icons'><i class='fa fa-align-justify'><\/i><\/span>    <div class=\"evcal_evdata_cell \">\n        <div class=\"eventon_full_description\">\n            <h3 class=\"padb5 evo_h3\"><span class='evcal_evdata_icons'><i class='fa fa-align-justify'><\/i><\/span>Details<\/h3>\n            <div class=\"eventon_desc_in\" itemprop=\"description\">\n                <p><\/p>\n<p class=\"wp-block-paragraph\">HoHoHo die Weihnachtszeit steht bevor. Ein letztes Mal im Jahr 2026 treffen sich die Jugendlichen zu einem gemeinsamen Angeln.<\/p>\n<p><\/p>\n<p><\/p>\n<p class=\"wp-block-paragraph\">N\u00e4here Informationen erhalten alle Jugendmitglieder von ihren Jugendwarten.<\/p>\n<p><\/p>\n<p><\/p>\n<p class=\"wp-block-paragraph\"><\/p>\n            <\/div>\n            <div class='clear'><\/div>        <\/div>\n    <\/div>\n<\/div><\/div><\/div><div class='evocard_row bx2 bx'><div class='evocard_box time' data-c='' \n\t\t\t\t\tstyle=''><div class='evo_metarow_time evorow evcal_evdata_row evcal_evrow_sm '>\n\t\t<span class='evcal_evdata_icons'><i class='fa fa-clock'><\/i><\/span>\n\t\t<div class='evcal_evdata_cell'>\t\t\t\t\t\t\t\n\t\t\t<h3 class='evo_h3'><span class='evcal_evdata_icons'><i class='fa fa-clock'><\/i><\/span>Uhrzeit<\/h3><p><span class='evo_eventcard_time_t'>6. Dezember 2026 Ganzt\u00e4gig<\/span><span class='evo_tz'>(GMT+01:00)<\/span><\/p>\n\t\t<\/div>\n\t<\/div><\/div><div class='evocard_box location' data-c='' \n\t\t\t\t\tstyle=''><div class='evcal_evdata_row evo_metarow_time_location evorow '>\n\t\t\n\t\t\t<span class='evcal_evdata_icons'><i class='fa fa-map-marker'><\/i><\/span>\n\t\t\t<div class='evcal_evdata_cell' data-loc_tax_id='18'><h3 class='evo_h3'><span class='evcal_evdata_icons'><i class='fa fa-map-marker'><\/i><\/span>Ort<\/h3><p class='evo_location_name' style='margin-bottom:10px; font-size:15px;'>Gew\u00e4sser Ochsensee<\/p><\/div>\n\t\t\n\t<\/div><\/div><\/div><div class='evocard_row'><div class='evocard_box addtocal' data-c='' \n\t\t\t\t\tstyle=''><div class='evo_metarow_ICS evorow evcal_evdata_row'>\n\t\t\t<span class='evcal_evdata_icons'><i class='fa fa-calendar-o'><\/i><\/span>\n\t\t\t<div class='evcal_evdata_cell'>\n\t\t\t\t<p><a href='https:\/\/asv-schlangen.de\/?export-events=single&event_id=810&repeat_interval=0&nonce=0b3a77c576' class='evo_ics_nCal' title='Add to your calendar'>Kalender<\/a><a href='\/\/www.google.com\/calendar\/event?action=TEMPLATE&amp;text=Nikolaus-Angeln&amp;dates=20261205\/20261207&amp;ctz=Europe\/Berlin&amp;details=Nikolaus-Angeln&amp;location=Gew%C3%A4sser+Ochsensee' target='_blank' rel='noopener noreferrer' class='evo_ics_gCal' title='Add to google calendar'>Googlecal<\/a><\/p>\t\n\t\t\t<\/div>\n\t\t<\/div><\/div><\/div><div class='evo_card_row_end evcal_close' title='Close'><\/div><\/div><div class='clear end'><\/div><\/div><\/div>\t\t\t<div class='clear'><\/div>\n\t\t\t<\/div>\n\t\t\t<div class='clear'><\/div>\n\t\t\t\n\t\t\t\t\t \t<div id='evcal_footer' class='evo_bottom' style='display:none'>\n\t\t \t\t<div class='evo_cal_data' data-sc='{&quot;accord&quot;:&quot;no&quot;,&quot;bottom_nav&quot;:&quot;no&quot;,&quot;cal_id&quot;:&quot;&quot;,&quot;cal_init_nonajax&quot;:&quot;no&quot;,&quot;calendar_type&quot;:&quot;list&quot;,&quot;ep_fields&quot;:&quot;&quot;,&quot;etc_override&quot;:&quot;no&quot;,&quot;evc_open&quot;:&quot;no&quot;,&quot;event_count&quot;:0,&quot;event_location&quot;:&quot;all&quot;,&quot;event_order&quot;:&quot;ASC&quot;,&quot;event_organizer&quot;:&quot;all&quot;,&quot;event_parts&quot;:&quot;no&quot;,&quot;event_past_future&quot;:&quot;future&quot;,&quot;event_status&quot;:&quot;all&quot;,&quot;event_tag&quot;:&quot;all&quot;,&quot;event_type&quot;:&quot;all&quot;,&quot;event_type_2&quot;:&quot;all&quot;,&quot;event_virtual&quot;:&quot;all&quot;,&quot;eventtop_date_style&quot;:0,&quot;eventtop_style&quot;:&quot;2&quot;,&quot;exp_jumper&quot;:&quot;no&quot;,&quot;exp_so&quot;:&quot;no&quot;,&quot;filter_relationship&quot;:&quot;AND&quot;,&quot;filter_show_set_only&quot;:&quot;no&quot;,&quot;filter_type&quot;:&quot;default&quot;,&quot;filters&quot;:&quot;yes&quot;,&quot;fixed_month&quot;:&quot;9&quot;,&quot;fixed_year&quot;:&quot;2026&quot;,&quot;focus_end_date_range&quot;:&quot;1851371999&quot;,&quot;focus_start_date_range&quot;:&quot;1788213600&quot;,&quot;ft_event_priority&quot;:&quot;no&quot;,&quot;hide_arrows&quot;:&quot;no&quot;,&quot;hide_cancels&quot;:&quot;no&quot;,&quot;hide_empty_months&quot;:&quot;yes&quot;,&quot;hide_end_time&quot;:&quot;no&quot;,&quot;hide_et_dn&quot;:&quot;no&quot;,&quot;hide_et_extra&quot;:&quot;no&quot;,&quot;hide_et_tags&quot;:&quot;no&quot;,&quot;hide_et_tl&quot;:&quot;no&quot;,&quot;hide_ft&quot;:&quot;no&quot;,&quot;hide_ft_img&quot;:&quot;no&quot;,&quot;hide_month_headers&quot;:&quot;no&quot;,&quot;hide_mult_occur&quot;:&quot;no&quot;,&quot;hide_past&quot;:&quot;no&quot;,&quot;hide_past_by&quot;:&quot;ee&quot;,&quot;hide_so&quot;:&quot;no&quot;,&quot;ics&quot;:&quot;no&quot;,&quot;jumper&quot;:&quot;no&quot;,&quot;jumper_count&quot;:5,&quot;jumper_offset&quot;:&quot;0&quot;,&quot;lang&quot;:&quot;L1&quot;,&quot;layout_changer&quot;:&quot;no&quot;,&quot;livenow_bar&quot;:&quot;yes&quot;,&quot;mapformat&quot;:&quot;roadmap&quot;,&quot;mapiconurl&quot;:&quot;&quot;,&quot;maps_load&quot;:&quot;no&quot;,&quot;mapscroll&quot;:&quot;true&quot;,&quot;mapzoom&quot;:&quot;18&quot;,&quot;members_only&quot;:&quot;no&quot;,&quot;ml_priority&quot;:&quot;no&quot;,&quot;month_incre&quot;:0,&quot;number_of_months&quot;:&quot;24&quot;,&quot;only_ft&quot;:&quot;no&quot;,&quot;pec&quot;:&quot;&quot;,&quot;s&quot;:&quot;&quot;,&quot;search&quot;:&quot;&quot;,&quot;search_all&quot;:&quot;no&quot;,&quot;sep_month&quot;:&quot;yes&quot;,&quot;show_et_ft_img&quot;:&quot;no&quot;,&quot;show_limit&quot;:&quot;no&quot;,&quot;show_limit_ajax&quot;:&quot;no&quot;,&quot;show_limit_paged&quot;:1,&quot;show_limit_redir&quot;:&quot;&quot;,&quot;show_repeats&quot;:&quot;no&quot;,&quot;show_upcoming&quot;:0,&quot;show_year&quot;:&quot;yes&quot;,&quot;social_share&quot;:&quot;no&quot;,&quot;sort_by&quot;:&quot;sort_date&quot;,&quot;tile_bg&quot;:0,&quot;tile_bg_size&quot;:&quot;full&quot;,&quot;tile_count&quot;:2,&quot;tile_height&quot;:0,&quot;tile_style&quot;:0,&quot;tiles&quot;:&quot;no&quot;,&quot;ux_val&quot;:&quot;0&quot;,&quot;wpml_l1&quot;:&quot;&quot;,&quot;wpml_l2&quot;:&quot;&quot;,&quot;wpml_l3&quot;:&quot;&quot;,&quot;yl_priority&quot;:&quot;no&quot;,&quot;fixed_day&quot;:&quot;4&quot;,&quot;_cver&quot;:&quot;2.5.7&quot;}'data-od='{&quot;lang_no_events&quot;:&quot;Keine Events&quot;,&quot;cal_tz_offset&quot;:120,&quot;cal_tz&quot;:&quot;Europe\\\/Berlin&quot;}'><\/div>\n\t\t \t\t<div class='evo_cal_events' data-events=\"\"><\/div>\n\t\t \t<\/div>\n\t\t\t\t\n\t\t\t\n\t\t\t\n\t\t\t\t\t\t<\/div><!-- EventON End -->\n\t\t\t<\/div>\n\t\t\t\t\t\t<\/div>\n\t\t\t\t<\/div>\n\t\t\t\t\t<\/div>\n\t\t<\/div>\n\t\t\t\t\t<\/div>\n\t\t<\/section>\n\t\t\t\t<\/div>\n\t\t","protected":false},"excerpt":{"rendered":"<p>Alle bevorstehenden Termine<\/p>\n","protected":false},"author":1,"featured_media":0,"parent":0,"menu_order":0,"comment_status":"closed","ping_status":"closed","template":"","meta":{"footnotes":""},"class_list":["post-156","page","type-page","status-publish","hentry"],"_links":{"self":[{"href":"https:\/\/asv-schlangen.de\/index.php?rest_route=\/wp\/v2\/pages\/156","targetHints":{"allow":["GET"]}}],"collection":[{"href":"https:\/\/asv-schlangen.de\/index.php?rest_route=\/wp\/v2\/pages"}],"about":[{"href":"https:\/\/asv-schlangen.de\/index.php?rest_route=\/wp\/v2\/types\/page"}],"author":[{"embeddable":true,"href":"https:\/\/asv-schlangen.de\/index.php?rest_route=\/wp\/v2\/users\/1"}],"replies":[{"embeddable":true,"href":"https:\/\/asv-schlangen.de\/index.php?rest_route=%2Fwp%2Fv2%2Fcomments&post=156"}],"version-history":[{"count":28,"href":"https:\/\/asv-schlangen.de\/index.php?rest_route=\/wp\/v2\/pages\/156\/revisions"}],"predecessor-version":[{"id":470,"href":"https:\/\/asv-schlangen.de\/index.php?rest_route=\/wp\/v2\/pages\/156\/revisions\/470"}],"wp:attachment":[{"href":"https:\/\/asv-schlangen.de\/index.php?rest_route=%2Fwp%2Fv2%2Fmedia&parent=156"}],"curies":[{"name":"wp","href":"https:\/\/api.w.org\/{rel}","templated":true}]}}